{"id":58953,"date":"2022-09-01T09:47:29","date_gmt":"2022-09-01T07:47:29","guid":{"rendered":"https:\/\/fsmcv.org\/?post_type=mec-events&#038;p=58953"},"modified":"2022-09-22T13:44:58","modified_gmt":"2022-09-22T11:44:58","slug":"jornada-de-formacio-en-lultima-versio-progem-programa-de-gestio-per-a-les-escoles-de-musica","status":"publish","type":"mec-events","link":"https:\/\/fsmcv.org\/vl\/agenda\/jornada-de-formacio-en-lultima-versio-progem-programa-de-gestio-per-a-les-escoles-de-musica\/","title":{"rendered":"Jornada de Formaci\u00f3 en l&#8217;\u00faltima versi\u00f3 PROGEM, programa de gesti\u00f3 per a les Escoles de M\u00fasica"},"content":{"rendered":"<h4 style=\"text-align: center;\"><em>Dissabte 10 de setembre de 2022.<\/em> Modalitat presencial.<\/h4>\n<h2 style=\"text-align: center;\"><a href=\"https:\/\/forms.gle\/qBe7p3pX3G7SY2SU9\" target=\"_blank\" rel=\"noopener\">Inscripci\u00f3 i detalls<\/a><\/h2>\n<p><strong>Objetius<\/strong><\/p>\n<ul>\n<li>Implementar l&#8217;eina PROGEM en la gesti\u00f3 de les escoles de les societats musicals federades<\/li>\n<li>Aprendre a navegar per les diverses funcionalitats de la plataforma<\/li>\n<li>Recollida de noves propostes de funcionalitats a implementar en la pr\u00f2xima versi\u00f3.<\/li>\n<\/ul>\n<p><strong>Continguts<\/strong><\/p>\n<ul>\n<li>Introducci\u00f3 a la plataforma PROGEM<\/li>\n<li>Funcionalitats de la plataforma PROGEM<br \/>\nGesti\u00f3 de dades alumnes i professors<br \/>\nb. Configuraci\u00f3 d&#8217;aules i classes<br \/>\nc. Assignaci\u00f3 d&#8217;horaris<br \/>\nd. Gesti\u00f3 comptable i facturaci\u00f3<\/li>\n<li>Conclusions<\/li>\n<\/ul>\n<p><strong>Ponents:<\/strong><\/p>\n<ul>\n<li>Omar Cervera (Gestor Cultural)<\/li>\n<\/ul>\n<p><strong>Dades de la jornada<\/strong><\/p>\n<ul>\n<li>Durada: 2 h.<\/li>\n<li>Nombre de places: 80 places<\/li>\n<li>Dirigit a: Directius i responsables de l&#8217;administraci\u00f3 de l&#8217;escola de m\u00fasica de les societats musicals<\/li>\n<li>Comentaris: La jornada del 10 de setembre en l\u2019Alqueria es retransmetr\u00e0 per ZOOM depenent de la demanda d&#8217;aquesta.<\/li>\n<li>Lloc i horari de realitzaci\u00f3: Alquer\u00eda Juli\u00e1 &#8211; Casa de la M\u00fasica. C\/ Democr\u00e0cia, n\u00fam. 62, 46018, Val\u00e8ncia<\/li>\n<li>De 10:00 a 12:00 hrs.<\/li>\n<li>Calendari de realitzaci\u00f3: 10<em>\/09\/2022<\/em><\/li>\n<\/ul>\n<p><strong>Condicions generals:<\/strong><\/p>\n<ul>\n<li>Les places es concediran per rigor\u00f3s ordre d&#8217;entrada de les sol\u00b7licituds en la FSMCV. En funci\u00f3 de la demanda, es podran programar altres jornades.<\/li>\n<li>Es podr\u00e0n realitzar fins a dues inscripcions per societat musical.<\/li>\n<li>Les sol\u00b7licituds es presentaran emplenant el formulari que figura en &#8220;Inscripci\u00f3 i detalls&#8221;.<\/li>\n<\/ul>\n<p><strong>Termini per a la presentaci\u00f3 de sol\u00b7licituds:<\/strong><\/p>\n<ul>\n<li><em>08\/09\/2022 &#8211; 23:59 h<\/em><\/li>\n<\/ul>\n<p><strong>Organitza:<\/strong><\/p>\n<ul>\n<li>Centre d&#8217;Estudis de la FSMCV<\/li>\n<\/ul>\n","protected":false},"excerpt":{"rendered":"<p>Dissabte 10 de setembre de 2022. Modalitat presencial. Inscripci\u00f3 i detalls Objetius Implementar l&#8217;eina PROGEM en la gesti\u00f3 de les escoles de les societats musicals federades Aprendre a navegar per les diverses funcionalitats de la plataforma Recollida de noves propostes de funcionalitats a implementar en la pr\u00f2xima versi\u00f3. Continguts Introducci\u00f3 a la plataforma PROGEM Funcionalitats [&hellip;]<\/p>\n","protected":false},"author":17,"featured_media":31937,"template":"","tags":[],"mec_category":[222],"class_list":["post-58953","mec-events","type-mec-events","status-publish","has-post-thumbnail","hentry","mec_category-cursos-presencials"],"_links":{"self":[{"href":"https:\/\/fsmcv.org\/vl\/wp-json\/wp\/v2\/mec-events\/58953","targetHints":{"allow":["GET"]}}],"collection":[{"href":"https:\/\/fsmcv.org\/vl\/wp-json\/wp\/v2\/mec-events"}],"about":[{"href":"https:\/\/fsmcv.org\/vl\/wp-json\/wp\/v2\/types\/mec-events"}],"author":[{"embeddable":true,"href":"https:\/\/fsmcv.org\/vl\/wp-json\/wp\/v2\/users\/17"}],"wp:featuredmedia":[{"embeddable":true,"href":"https:\/\/fsmcv.org\/vl\/wp-json\/wp\/v2\/media\/31937"}],"wp:attachment":[{"href":"https:\/\/fsmcv.org\/vl\/wp-json\/wp\/v2\/media?parent=58953"}],"wp:term":[{"taxonomy":"post_tag","embeddable":true,"href":"https:\/\/fsmcv.org\/vl\/wp-json\/wp\/v2\/tags?post=58953"},{"taxonomy":"mec_category","embeddable":true,"href":"https:\/\/fsmcv.org\/vl\/wp-json\/wp\/v2\/mec_category?post=58953"}],"curies":[{"name":"wp","href":"https:\/\/api.w.org\/{rel}","templated":true}]}}