{"id":60777,"date":"2022-12-15T12:55:07","date_gmt":"2022-12-15T11:55:07","guid":{"rendered":"https:\/\/fsmcv.org\/?post_type=mec-events&#038;p=60777"},"modified":"2023-01-16T13:05:46","modified_gmt":"2023-01-16T12:05:46","slug":"jornada-plantejant-projectes-erasmus-per-als-centres-educatius-de-la-fsmcv-2","status":"publish","type":"mec-events","link":"https:\/\/fsmcv.org\/vl\/agenda\/jornada-plantejant-projectes-erasmus-per-als-centres-educatius-de-la-fsmcv-2\/","title":{"rendered":"Jornada Plantejant projectes Erasmus per als centres educatius de la FSMCV"},"content":{"rendered":"<h4 style=\"text-align: center;\"><em>AJORNAT.<\/em> Modalitat presencial. Edici\u00f3 Val\u00e8ncia.<\/h4>\n<h2 style=\"text-align: center;\"><a href=\"https:\/\/forms.gle\/HD9R5c5AHgb4mgjf7\" target=\"_blank\" rel=\"noopener\">Inscripci\u00f3 i detalls<\/a><\/h2>\n<h4><strong>Objectiu<\/strong><\/h4>\n<ul>\n<li>Aprendre a elaborar un projecte amb \u00e8xit<\/li>\n<li>Con\u00e8ixer les fites i cicle de vida del projecte<\/li>\n<li>Con\u00e8ixer estrat\u00e8gies per a la gesti\u00f3 administrativa i comptable dels projectes Erasmus+ KA1 y KA2; Mobility Tool+.<\/li>\n<li>Con\u00e9ixer eines per a la comunicaci\u00f3 amb els socis del projecte<\/li>\n<li>Aprendre sobre la justificaci\u00f3 d\u2019un projecte Erasmus+ KA1 i KA2<\/li>\n<\/ul>\n<h4><strong>Continguts<\/strong><\/h4>\n<ul>\n<li>El cicle de vida del projecte. Consells pr\u00e0ctics.<\/li>\n<li>Claus per a la gesti\u00f3 de projectes\n<div> a. Coordinaci\u00f3 d\u2019activitats i gesti\u00f3 pressupost\u00e0ria<br \/>\nb. Mobility Tool+: qu\u00e8 \u00e9s, per a qu\u00e9 serveix i com utilitzar-la<br \/>\nc. Mobilitats: qu\u00e8 fer abans, durant i despr\u00e9s<br \/>\nd. Monitoritzaci\u00f3<\/div>\n<\/li>\n<li>\n<div>Selecci\u00f3 de socis<br \/>\na. La comunicaci\u00f3 amb els socis<br \/>\nb. Recomanacions: qu\u00e8 fer i qu\u00e8 evitar.<\/div>\n<\/li>\n<li>\n<div>Justificaci\u00f3 d\u2019un projecte Erasmus+.<br \/>\na. Claus per a la difusi\u00f3 i explotaci\u00f3<br \/>\nb. Consells pr\u00e0ctics.<\/div>\n<\/li>\n<\/ul>\n<h4><strong>Professorat:<\/strong><\/h4>\n<ul>\n<li>Elizabeth Carrascosa<\/li>\n<\/ul>\n<h4><strong>Dades de la jornada<\/strong><\/h4>\n<ul>\n<li>Duraci\u00f3: 8 h.<\/li>\n<li>Nombre de places: 30 places<\/li>\n<li>Adre\u00e7at a: Professorat de les escoles de m\u00fasica i dels centres autoritzats de les Societats Musicals Federades a la FSMCV<\/li>\n<li>Lloc i horari de realitzaci\u00f3: Alquer\u00eda Juli\u00e1 &#8211; Casa de la M\u00fasica. C\/ Democr\u00e0cia, n\u00fam. 62, 46018, Val\u00e8ncia<\/li>\n<li>De 10:00 a 14:00 hrs. i de 16:00 a 19:00 hrs.<\/li>\n<li>Calendari de realitzaci\u00f3: <em><strong>AJORNAT.<\/strong><\/em><\/li>\n<\/ul>\n<h4><strong>Condicions generals:<\/strong><\/h4>\n<ul>\n<li>Amb posterioritat al mateix es far\u00e0 lliurament de diploma acreditatiu.<\/li>\n<li>A m\u00e9s, els assistents al curs que siguen professors de centres autoritzats, conservatoris, escoles de m\u00fasica i centres d&#8217;ensenyament primari o secundari de la Comunitat Valenciana, o graduats que estiguen inscrits en alguna de les borses de treball de la Conselleria d&#8217;Educaci\u00f3, obtindran una certificaci\u00f3 emesa per la Conselleria d&#8217;Educaci\u00f3.<\/li>\n<li>Les places es concediran per rigor\u00f3s ordre d&#8217;entrada de les sol\u00b7licituds en la FSMCV.<\/li>\n<li>La no assist\u00e8ncia, com a m\u00ednim, al 85% de les hores presencials del curs no donar\u00e0n dret al l&#8217;obtenci\u00f3 de les certificacions corresponents .<\/li>\n<\/ul>\n<h4><strong>Forma de pagament:<\/strong><\/h4>\n<ul>\n<li>El curs t\u00e9 un cost de 10 euros en concepte de matr\u00edcula, material i emissi\u00f3 de certificat.<\/li>\n<li>Una vegada finalitzat el termini d&#8217;inscripci\u00f3 es comunicar\u00e0 als sol\u00b7licitants si han sigut admesos o no.<\/li>\n<li>Els participants seleccionats tindran un termini de 3 dies des de la comunicaci\u00f3, per a la realitzaci\u00f3 de la transfer\u00e8ncia banc\u00e0ria en el n\u00famero de compte que la FSMCV li comunicar\u00e0 i per a l&#8217;enviament de c\u00f2pia del resguard bancari a trav\u00e9s del correu electr\u00f2nic <a href=\"mailto:centredestudis@fsmcv.org\">centredestudis@fsmcv.org.<\/a><\/li>\n<\/ul>\n<h4><strong>Termini per a la presentaci\u00f3 de sol\u00b7licituds:<\/strong><\/h4>\n<ul>\n<li><em>16\/01\/2023 &#8211; 23:59 h<\/em><\/li>\n<\/ul>\n<h4><strong>Organitza:<\/strong><\/h4>\n<ul>\n<li>Centre d&#8217;Estudis de la FSMCV<\/li>\n<\/ul>\n","protected":false},"excerpt":{"rendered":"<p>AJORNAT. Modalitat presencial. Edici\u00f3 Val\u00e8ncia. Inscripci\u00f3 i detalls Objectiu Aprendre a elaborar un projecte amb \u00e8xit Con\u00e8ixer les fites i cicle de vida del projecte Con\u00e8ixer estrat\u00e8gies per a la gesti\u00f3 administrativa i comptable dels projectes Erasmus+ KA1 y KA2; Mobility Tool+. Con\u00e9ixer eines per a la comunicaci\u00f3 amb els socis del projecte Aprendre sobre [&hellip;]<\/p>\n","protected":false},"author":17,"featured_media":31937,"template":"","tags":[],"mec_category":[222],"class_list":["post-60777","mec-events","type-mec-events","status-publish","has-post-thumbnail","hentry","mec_category-cursos-presencials"],"_links":{"self":[{"href":"https:\/\/fsmcv.org\/vl\/wp-json\/wp\/v2\/mec-events\/60777","targetHints":{"allow":["GET"]}}],"collection":[{"href":"https:\/\/fsmcv.org\/vl\/wp-json\/wp\/v2\/mec-events"}],"about":[{"href":"https:\/\/fsmcv.org\/vl\/wp-json\/wp\/v2\/types\/mec-events"}],"author":[{"embeddable":true,"href":"https:\/\/fsmcv.org\/vl\/wp-json\/wp\/v2\/users\/17"}],"wp:featuredmedia":[{"embeddable":true,"href":"https:\/\/fsmcv.org\/vl\/wp-json\/wp\/v2\/media\/31937"}],"wp:attachment":[{"href":"https:\/\/fsmcv.org\/vl\/wp-json\/wp\/v2\/media?parent=60777"}],"wp:term":[{"taxonomy":"post_tag","embeddable":true,"href":"https:\/\/fsmcv.org\/vl\/wp-json\/wp\/v2\/tags?post=60777"},{"taxonomy":"mec_category","embeddable":true,"href":"https:\/\/fsmcv.org\/vl\/wp-json\/wp\/v2\/mec_category?post=60777"}],"curies":[{"name":"wp","href":"https:\/\/api.w.org\/{rel}","templated":true}]}}