{"id":77591,"date":"2025-03-26T17:01:53","date_gmt":"2025-03-26T16:01:53","guid":{"rendered":"https:\/\/fsmcv.org\/agenda\/curse-atencio-a-la-diversitat-funcional-a-les-escoles-de-musica-i-centres-autoritzats-2025\/"},"modified":"2025-03-27T11:01:54","modified_gmt":"2025-03-27T10:01:54","slug":"curse-atencio-a-la-diversitat-funcional-a-les-escoles-de-musica-i-centres-autoritzats-2025","status":"publish","type":"mec-events","link":"https:\/\/fsmcv.org\/vl\/agenda\/curse-atencio-a-la-diversitat-funcional-a-les-escoles-de-musica-i-centres-autoritzats-2025\/","title":{"rendered":"Curs Atenci\u00f3 a la diversitat funcional a les Escoles de M\u00fasica i Centres Autoritzats &#8211; 2025"},"content":{"rendered":"<h4 style=\"text-align: center;\">Dilluns 5 de maig a dissabte 21 de juny de 2025. Modalitat online i presencial.<\/h4>\n<h2 style=\"text-align: center;\"><a href=\"https:\/\/forms.gle\/L4XSPGa7xoZVAUme9\" target=\"_blank\" rel=\"noopener\">Inscripci\u00f3 i detalls<\/a><\/h2>\n<h4>T\u00edtulo<\/h4>\n<p>Curs Atenci\u00f3 a la diversitat funcional en les Escoles de M\u00fasica i Centres Autoritzats.<\/p>\n<h4><strong>Objectiu<\/strong><\/h4>\n<p>1. Con\u00e9ixer les principals caracter\u00edstiques de la diversitat funcional.<\/p>\n<p>2. Desenvolupar propostes d&#8217;intervenci\u00f3 did\u00e0ctica davant la diversitat funcional des de l&#8217;aula instrumental.<\/p>\n<p>3. Comprendre el potencial de la interpretaci\u00f3 instrumental com a ferramenta de canvi i de millora de determinades problem\u00e0tiques de l&#8217;alumnat amb diversitat funcional.<\/p>\n<p>4. Recon\u00e9ixer les necessitats de l&#8217;alumnat amb diversitat funcional i la import\u00e0ncia de l&#8217;adequaci\u00f3 del proc\u00e9s did\u00e0ctic.<\/p>\n<h4><strong>Continguts<\/strong><\/h4>\n<p>1. La diversitat funcional. Perfils, caracter\u00edstiques i problem\u00e0tiques espec\u00edfiques.<\/p>\n<p>1.1. S\u00edndrome de Down.<\/p>\n<p>1.2. Trastorn per D\u00e8ficit d&#8217;Atenci\u00f3.<\/p>\n<p>1.3. Trastorn per D\u00e8ficit d&#8217;Atenci\u00f3 amb Hiperactivitat.<\/p>\n<p>1.4. Trastorn d&#8217;Espectre Autista i S\u00edndrome d&#8217;Asperger.<\/p>\n<p>1.5. Disl\u00e8xia i altres dificultats d&#8217;aprenentatge.<\/p>\n<p>1.6. Alumnat amb problem\u00e0tiques relacionades amb la salut mental.<\/p>\n<p>2. La legislaci\u00f3 espec\u00edfica dels centres d&#8217;educaci\u00f3 musical davant la diversitat funcional.<\/p>\n<p>3. Caracter\u00edstiques dels instruments de banda i orquestra en relaci\u00f3 amb l&#8217;atenci\u00f3 a la diversitat.<\/p>\n<p>4. Principis musicoterap\u00e9utics extrapolables a l&#8217;aula instrumental.<\/p>\n<p>5. Experi\u00e8ncies pr\u00e0ctiques davant la diversitat funcional.<\/p>\n<h4><strong>Ponents:<\/strong><\/h4>\n<ul>\n<li><strong>M Mar Bernab\u00e9 Villodre (Universitat de Val\u00e8ncia)<\/strong><\/li>\n<li><strong>Enrique Hern\u00e1ndis Mart\u00ednez (Conservatori professional i Berklee Val\u00e8ncia)<\/strong><\/li>\n<li><strong>Kiko Berenguer Torres (Concertista Internacional)<\/strong><\/li>\n<\/ul>\n<h4><strong>Dades de la jornada<\/strong><\/h4>\n<ul>\n<li>Duraci\u00f3: 30 h. 20 h online i 10 h presencials<\/li>\n<li>Nombre de places: 35 places<\/li>\n<li>Adre\u00e7at a: Professorat de les escoles de m\u00fasica i dels centres autoritzats de les Societats Musicals Federades a la FSMCV<\/li>\n<li>Lloc i horaris de realitzaci\u00f3: Online i presencial<\/li>\n<li>Calendari de realitzaci\u00f3: Del 05\/05\/2025 al 21\/06\/2025. 14\/06\/2025 i 21\/06\/2025 classes pr\u00e0ctiques en l&#8217;Alqueria Juli\u00e1 de 10.00 a 14.00 h. <\/li>\n<\/ul>\n<h4><strong>Condicions generals:<\/strong><\/h4>\n<ul>\n<li>Amb posterioritat al mateix es far\u00e0 lliurament de diploma acreditatiu.<\/li>\n<li>A m\u00e9s, els assistents al curs que siguen professors de centres autoritzats, conservatoris, escoles de m\u00fasica i centres d&#8217;ensenyament primari o secundari de la Comunitat Valenciana, o graduats que estiguen inscrits en alguna de les borses de treball de la Conselleria d&#8217;Educaci\u00f3, obtindran una certificaci\u00f3 emesa per la Conselleria d&#8217;Educaci\u00f3.<\/li>\n<li>Les places es concediran per rigor\u00f3s ordre d&#8217;entrada de les sol\u00b7licituds en la FSMCV.<\/li>\n<\/ul>\n<h4><strong>Termini per a la presentaci\u00f3 de sol\u00b7licituds:<\/strong><\/h4>\n<ul>\n<li><em>21\/04\/2025 &#8211; 23:59 h<\/em><\/li>\n<\/ul>\n<h4><strong>Forma de pagament:<\/strong><\/h4>\n<ul>\n<li>El curs t\u00e9 un cost de 30 euros en concepte de matr\u00edcula, material i emissi\u00f3 de certificat.<\/li>\n<li>Una vegada finalitzat el termini d&#8217;inscripci\u00f3 es comunicar\u00e0 als sol\u00b7licitants si han sigut admesos o no.<\/li>\n<li>Els participants seleccionats tindran un termini de 3 dies des de la comunicaci\u00f3, per a la realitzaci\u00f3 de la transfer\u00e8ncia banc\u00e0ria en el n\u00famero de compte que la FSMCV li comunicar\u00e0 i per a l&#8217;enviament de c\u00f2pia del resguard bancari a trav\u00e9s del correu electr\u00f2nic <a href=\"mailto:centredestudis@fsmcv.org\">centredestudis@fsmcv.org<\/a><\/li>\n<\/ul>\n<h4><strong>Organitza:<\/strong><\/h4>\n<ul>\n<li>Centre d&#8217;Estudis de la FSMCV<\/li>\n<\/ul>\n","protected":false},"excerpt":{"rendered":"<p>Dilluns 5 de maig a dissabte 21 de juny de 2025. Modalitat online i presencial. Inscripci\u00f3 i detalls T\u00edtulo Curs Atenci\u00f3 a la diversitat funcional en les Escoles de M\u00fasica i Centres Autoritzats. Objectiu 1. Con\u00e9ixer les principals caracter\u00edstiques de la diversitat funcional. 2. Desenvolupar propostes d&#8217;intervenci\u00f3 did\u00e0ctica davant la diversitat funcional des de l&#8217;aula [&hellip;]<\/p>\n","protected":false},"author":17,"featured_media":31937,"template":"","tags":[],"mec_category":[221,222],"class_list":["post-77591","mec-events","type-mec-events","status-publish","has-post-thumbnail","hentry","mec_category-cursos-online-vl-2","mec_category-cursos-presencials"],"_links":{"self":[{"href":"https:\/\/fsmcv.org\/vl\/wp-json\/wp\/v2\/mec-events\/77591","targetHints":{"allow":["GET"]}}],"collection":[{"href":"https:\/\/fsmcv.org\/vl\/wp-json\/wp\/v2\/mec-events"}],"about":[{"href":"https:\/\/fsmcv.org\/vl\/wp-json\/wp\/v2\/types\/mec-events"}],"author":[{"embeddable":true,"href":"https:\/\/fsmcv.org\/vl\/wp-json\/wp\/v2\/users\/17"}],"wp:featuredmedia":[{"embeddable":true,"href":"https:\/\/fsmcv.org\/vl\/wp-json\/wp\/v2\/media\/31937"}],"wp:attachment":[{"href":"https:\/\/fsmcv.org\/vl\/wp-json\/wp\/v2\/media?parent=77591"}],"wp:term":[{"taxonomy":"post_tag","embeddable":true,"href":"https:\/\/fsmcv.org\/vl\/wp-json\/wp\/v2\/tags?post=77591"},{"taxonomy":"mec_category","embeddable":true,"href":"https:\/\/fsmcv.org\/vl\/wp-json\/wp\/v2\/mec_category?post=77591"}],"curies":[{"name":"wp","href":"https:\/\/api.w.org\/{rel}","templated":true}]}}