{"id":78536,"date":"2025-05-16T09:33:35","date_gmt":"2025-05-16T07:33:35","guid":{"rendered":"https:\/\/fsmcv.org\/agenda\/concert-de-lorquestra-de-valencia\/"},"modified":"2025-05-16T09:33:35","modified_gmt":"2025-05-16T07:33:35","slug":"concert-de-lorquestra-de-valencia","status":"publish","type":"mec-events","link":"https:\/\/fsmcv.org\/vl\/agenda\/concert-de-lorquestra-de-valencia\/","title":{"rendered":"Concert de l&#8217;Orquestra de Val\u00e8ncia"},"content":{"rendered":"<p><strong>20\/15\/10 \u20ac. ABONAMENT 38. SALA ITURBI.  <\/strong><\/p>\n<p><strong>Sergey Khachatryan<\/strong>, viol\u00ed<\/p>\n<p><strong>Alexander Liebreich<\/strong>, director<\/p>\n<p>Ludwig van Beethoven Concert per a viol\u00ed i orquestra en Re major, op. 61<\/p>\n<p>Richard Strauss Aix\u00ed parl\u00e0 Zaratustra, op. 30 30<\/p>\n<p>Sisena visita de Sergey Khachatryan al Palau de la M\u00fasica, qui tamb\u00e9 actuar\u00e0 en \u00abCambra al Palau\u00bb amb la seua germana Lusine el pr\u00f2xim 4 de juny. Amb l&#8217;Orquestra de Val\u00e8ncia i el mestre Alexander Liebreich interpretar\u00e0 el Concert per a viol\u00ed i orquestra de Beethoven. I \u00e9s que cada visita del concertista armeni \u00e9s un desplegament de maduresa i expressivitat, portant cada obra a la seua m\u00e0xima expressi\u00f3 est\u00e8tica i enlluernant a un p\u00fablic que li t\u00e9 aut\u00e8ntica devoci\u00f3. En la segona part del programa, l&#8217;Orquestra interpretar\u00e0 una partitura en la qual Alexander Liebreich \u00e9s un consumat especialista: <em>Aix\u00ed parl\u00e0 Zaratustra<\/em> de Strauss, composta el 1896 a partir d&#8217;extractes del llibre de Nietzsche, al qual el compositor homenatja amb enormes mitjans orquestrals. Singularment fam\u00f3s \u00e9s el <em>Pr\u00f2leg<\/em>, que anuncia l&#8217;arribada del superhome, per la seua inclusi\u00f3 en la pel\u00b7l\u00edcula <em>2001: una odissea de l&#8217;espai.<\/em>    <\/p>\n","protected":false},"excerpt":{"rendered":"<p>20\/15\/10 \u20ac. ABONAMENT 38. SALA ITURBI. Sergey Khachatryan, viol\u00ed Alexander Liebreich, director Ludwig van Beethoven Concert per a viol\u00ed i orquestra en Re major, op. 61 Richard Strauss Aix\u00ed parl\u00e0 Zaratustra, op. 30 30 Sisena visita de Sergey Khachatryan al Palau de la M\u00fasica, qui tamb\u00e9 actuar\u00e0 en \u00abCambra al Palau\u00bb amb la seua germana [&hellip;]<\/p>\n","protected":false},"author":17,"featured_media":44108,"template":"","tags":[],"mec_category":[220],"class_list":["post-78536","mec-events","type-mec-events","status-publish","has-post-thumbnail","hentry","mec_category-concerts"],"_links":{"self":[{"href":"https:\/\/fsmcv.org\/vl\/wp-json\/wp\/v2\/mec-events\/78536","targetHints":{"allow":["GET"]}}],"collection":[{"href":"https:\/\/fsmcv.org\/vl\/wp-json\/wp\/v2\/mec-events"}],"about":[{"href":"https:\/\/fsmcv.org\/vl\/wp-json\/wp\/v2\/types\/mec-events"}],"author":[{"embeddable":true,"href":"https:\/\/fsmcv.org\/vl\/wp-json\/wp\/v2\/users\/17"}],"wp:featuredmedia":[{"embeddable":true,"href":"https:\/\/fsmcv.org\/vl\/wp-json\/wp\/v2\/media\/44108"}],"wp:attachment":[{"href":"https:\/\/fsmcv.org\/vl\/wp-json\/wp\/v2\/media?parent=78536"}],"wp:term":[{"taxonomy":"post_tag","embeddable":true,"href":"https:\/\/fsmcv.org\/vl\/wp-json\/wp\/v2\/tags?post=78536"},{"taxonomy":"mec_category","embeddable":true,"href":"https:\/\/fsmcv.org\/vl\/wp-json\/wp\/v2\/mec_category?post=78536"}],"curies":[{"name":"wp","href":"https:\/\/api.w.org\/{rel}","templated":true}]}}