{"id":78546,"date":"2025-05-16T09:49:12","date_gmt":"2025-05-16T07:49:12","guid":{"rendered":"https:\/\/fsmcv.org\/agenda\/extiende-las-manos-homenatge-als-voluntaris-de-la-dana\/"},"modified":"2025-05-16T09:49:12","modified_gmt":"2025-05-16T07:49:12","slug":"extiende-las-manos-homenatge-als-voluntaris-de-la-dana","status":"publish","type":"mec-events","link":"https:\/\/fsmcv.org\/vl\/agenda\/extiende-las-manos-homenatge-als-voluntaris-de-la-dana\/","title":{"rendered":"\u00abExtiende las manos\u00bb: homenatge als voluntaris de la DANA"},"content":{"rendered":"<p><strong>16 \u20ac. SALA ITURBI. <\/strong><\/p>\n<p>Juan Miguel Ferrer, piano<\/p>\n<p>Celia Alcedo, cantant<\/p>\n<p>Jos\u00e9 S\u00e1nchez<strong>, <\/strong>bateria<\/p>\n<p><strong>Coro Voces Unidas<\/strong><\/p>\n<p><strong>BANDA PRIMITIVA DE LIRIA<\/strong><\/p>\n<p><strong>LUIS COBOS<\/strong>, director<\/p>\n<p>Pedro Sosa Lo cant Valenci\u00e1<\/p>\n<p>Luis Cobos Sinfon\u00eda a caballo, Tierra de gigantes<\/p>\n<p>Chik Corea Spain<\/p>\n<p>Dmitri Shostak\u00f3vich Obertura Festiva<\/p>\n<p>Banda Primitiva de Ll\u00edria Obra de concurs<\/p>\n<p>Luis Cobos Extiende las manos, viento del Sur<\/p>\n<ol>\n<li>Tizol \/ D. Ellington Caravan<\/li>\n<li>Bizet \/ L. Cobos Carmen Passion<\/li>\n<\/ol>\n<p>Luis Cobos Canci\u00f3n del amor, Todos somos m\u00fasica<\/p>\n<p>Alberto Ginastera Malambo<\/p>\n<p>El Palau de la M\u00fasica acull un concert solidari espectacular protagonitzat per Luis Cobos amb la Banda Primitiva de Ll\u00edria, amb el t\u00edtol de<em> Extiende las manos,<\/em> la recaptaci\u00f3 del qual anir\u00e0 destinada als m\u00fasics i societats musicals afectades per la dana, aix\u00ed com per a la construcci\u00f3 de pous en la Rep\u00fablica Democr\u00e0tica del Congo. El programa comptar\u00e0 amb la participaci\u00f3 del Coro Voces Unidas, aix\u00ed com amb el pianista Juan Miguel Ferrer, la cantant Celia Alcedo i el bateria Jos\u00e9 S\u00e1nchez. <\/p>\n<p>&nbsp;<\/p>\n","protected":false},"excerpt":{"rendered":"<p>16 \u20ac. SALA ITURBI. Juan Miguel Ferrer, piano Celia Alcedo, cantant Jos\u00e9 S\u00e1nchez, bateria Coro Voces Unidas BANDA PRIMITIVA DE LIRIA LUIS COBOS, director Pedro Sosa Lo cant Valenci\u00e1 Luis Cobos Sinfon\u00eda a caballo, Tierra de gigantes Chik Corea Spain Dmitri Shostak\u00f3vich Obertura Festiva Banda Primitiva de Ll\u00edria Obra de concurs Luis Cobos Extiende las [&hellip;]<\/p>\n","protected":false},"author":17,"featured_media":44108,"template":"","tags":[],"mec_category":[220],"class_list":["post-78546","mec-events","type-mec-events","status-publish","has-post-thumbnail","hentry","mec_category-concerts"],"_links":{"self":[{"href":"https:\/\/fsmcv.org\/vl\/wp-json\/wp\/v2\/mec-events\/78546","targetHints":{"allow":["GET"]}}],"collection":[{"href":"https:\/\/fsmcv.org\/vl\/wp-json\/wp\/v2\/mec-events"}],"about":[{"href":"https:\/\/fsmcv.org\/vl\/wp-json\/wp\/v2\/types\/mec-events"}],"author":[{"embeddable":true,"href":"https:\/\/fsmcv.org\/vl\/wp-json\/wp\/v2\/users\/17"}],"wp:featuredmedia":[{"embeddable":true,"href":"https:\/\/fsmcv.org\/vl\/wp-json\/wp\/v2\/media\/44108"}],"wp:attachment":[{"href":"https:\/\/fsmcv.org\/vl\/wp-json\/wp\/v2\/media?parent=78546"}],"wp:term":[{"taxonomy":"post_tag","embeddable":true,"href":"https:\/\/fsmcv.org\/vl\/wp-json\/wp\/v2\/tags?post=78546"},{"taxonomy":"mec_category","embeddable":true,"href":"https:\/\/fsmcv.org\/vl\/wp-json\/wp\/v2\/mec_category?post=78546"}],"curies":[{"name":"wp","href":"https:\/\/api.w.org\/{rel}","templated":true}]}}