{"id":45962,"date":"2021-08-16T14:26:21","date_gmt":"2021-08-16T12:26:21","guid":{"rendered":"https:\/\/fsmcv.org\/segell-discografic\/jove-banda-simfonica-de-la-fsmcv-temporada-2018-2019\/"},"modified":"2023-02-27T13:30:44","modified_gmt":"2023-02-27T12:30:44","slug":"jove-orquestra-simfonica-de-la-fsmcv-temporada-18-19","status":"publish","type":"page","link":"https:\/\/fsmcv.org\/vl\/segell-discografic\/jove-orquestra-simfonica-de-la-fsmcv-temporada-18-19\/","title":{"rendered":"Jove Orquestra Simf\u00f2nica de la FSMCV \/ Temporada 2018-2019"},"content":{"rendered":"\t\t<div data-elementor-type=\"wp-page\" data-elementor-id=\"45962\" class=\"elementor elementor-45962 elementor-41520\" data-elementor-post-type=\"page\">\n\t\t\t\t\t\t<section class=\"elementor-section elementor-top-section elementor-element elementor-element-7bb3e4f2 elementor-section-full_width elementor-section-height-default elementor-section-height-default\" data-id=\"7bb3e4f2\" data-element_type=\"section\" data-e-type=\"section\">\n\t\t\t\t\t\t\t<div class=\"elementor-background-overlay\"><\/div>\n\t\t\t\t\t\t\t<div class=\"elementor-container elementor-column-gap-default\">\n\t\t\t\t\t<div class=\"elementor-column elementor-col-100 elementor-top-column elementor-element elementor-element-31eadfbc\" data-id=\"31eadfbc\" data-element_type=\"column\" data-e-type=\"column\">\n\t\t\t<div class=\"elementor-widget-wrap elementor-element-populated\">\n\t\t\t\t\t\t<div class=\"elementor-element elementor-element-315e2dfe elementor-widget elementor-widget-heading\" data-id=\"315e2dfe\" data-element_type=\"widget\" data-e-type=\"widget\" data-widget_type=\"heading.default\">\n\t\t\t\t<div class=\"elementor-widget-container\">\n\t\t\t\t\t<h1 class=\"elementor-heading-title elementor-size-default\">Jove Orquestra Simf\u00f2nica de la FSMCV \/ Temporada 2018-2019<\/h1>\t\t\t\t<\/div>\n\t\t\t\t<\/div>\n\t\t\t\t\t<\/div>\n\t\t<\/div>\n\t\t\t\t\t<\/div>\n\t\t<\/section>\n\t\t\t\t<section class=\"elementor-section elementor-top-section elementor-element elementor-element-1c331b8 elementor-section-boxed elementor-section-height-default elementor-section-height-default\" data-id=\"1c331b8\" data-element_type=\"section\" data-e-type=\"section\">\n\t\t\t\t\t\t<div class=\"elementor-container elementor-column-gap-wide\">\n\t\t\t\t\t<div class=\"elementor-column elementor-col-50 elementor-top-column elementor-element elementor-element-2fe9189b\" data-id=\"2fe9189b\" data-element_type=\"column\" data-e-type=\"column\">\n\t\t\t<div class=\"elementor-widget-wrap elementor-element-populated\">\n\t\t\t\t\t\t<div class=\"elementor-element elementor-element-2e7e7e24 elementor-view-default elementor-position-block-start elementor-mobile-position-block-start elementor-widget elementor-widget-icon-box\" data-id=\"2e7e7e24\" data-element_type=\"widget\" data-e-type=\"widget\" data-widget_type=\"icon-box.default\">\n\t\t\t\t<div class=\"elementor-widget-container\">\n\t\t\t\t\t\t\t<div class=\"elementor-icon-box-wrapper\">\n\n\t\t\t\t\t\t<div class=\"elementor-icon-box-icon\">\n\t\t\t\t<span  class=\"elementor-icon\">\n\t\t\t\t<i aria-hidden=\"true\" class=\"fas fa-compact-disc\"><\/i>\t\t\t\t<\/span>\n\t\t\t<\/div>\n\t\t\t\n\t\t\t\t\t\t<div class=\"elementor-icon-box-content\">\n\n\t\t\t\t\t\t\t\t\t<h2 class=\"elementor-icon-box-title\">\n\t\t\t\t\t\t<span  >\n\t\t\t\t\t\t\tJove Orquestra Simf\u00f2nica de la FSMCV \/ Temporada 2018-2019\t\t\t\t\t\t<\/span>\n\t\t\t\t\t<\/h2>\n\t\t\t\t\n\t\t\t\t\t\t\t\t\t<p class=\"elementor-icon-box-description\">\n\t\t\t\t\t\t\n\n\t\t\t\t\t<\/p>\n\t\t\t\t\n\t\t\t<\/div>\n\t\t\t\n\t\t<\/div>\n\t\t\t\t\t\t<\/div>\n\t\t\t\t<\/div>\n\t\t\t\t<div class=\"elementor-element elementor-element-6953aa51 elementor-widget elementor-widget-image\" data-id=\"6953aa51\" data-element_type=\"widget\" data-e-type=\"widget\" data-widget_type=\"image.default\">\n\t\t\t\t<div class=\"elementor-widget-container\">\n\t\t\t\t\t\t\t\t\t\t\t\t\t\t\t<img fetchpriority=\"high\" decoding=\"async\" width=\"2048\" height=\"2048\" src=\"https:\/\/fsmcv.org\/wp-content\/uploads\/2021\/08\/CARTEL-2018-19-scaled-scaled.jpg\" class=\"attachment-full size-full wp-image-41172\" alt=\"\" srcset=\"https:\/\/fsmcv.org\/wp-content\/uploads\/2021\/08\/CARTEL-2018-19-scaled-scaled.jpg 2048w, https:\/\/fsmcv.org\/wp-content\/uploads\/2021\/08\/CARTEL-2018-19-scaled-768x768.jpg 768w, https:\/\/fsmcv.org\/wp-content\/uploads\/2021\/08\/CARTEL-2018-19-scaled-300x300.jpg 300w, https:\/\/fsmcv.org\/wp-content\/uploads\/2021\/08\/CARTEL-2018-19-scaled-1536x1536.jpg 1536w, https:\/\/fsmcv.org\/wp-content\/uploads\/2021\/08\/CARTEL-2018-19-scaled-600x600.jpg 600w, https:\/\/fsmcv.org\/wp-content\/uploads\/2021\/08\/CARTEL-2018-19-scaled-100x100.jpg 100w\" sizes=\"(max-width: 2048px) 100vw, 2048px\" title=\"\">\t\t\t\t\t\t\t\t\t\t\t\t\t\t\t<\/div>\n\t\t\t\t<\/div>\n\t\t\t\t<div class=\"elementor-element elementor-element-97e371a elementor-align-center elementor-widget elementor-widget-button\" data-id=\"97e371a\" data-element_type=\"widget\" data-e-type=\"widget\" data-widget_type=\"button.default\">\n\t\t\t\t<div class=\"elementor-widget-container\">\n\t\t\t\t\t\t\t\t\t<div class=\"elementor-button-wrapper\">\n\t\t\t\t\t<a class=\"elementor-button elementor-button-link elementor-size-md\" href=\"https:\/\/fsmcv.org\/vl\/segell-discografic\/\">\n\t\t\t\t\t\t<span class=\"elementor-button-content-wrapper\">\n\t\t\t\t\t\t<span class=\"elementor-button-icon\">\n\t\t\t\t<i aria-hidden=\"true\" class=\"fas fa-arrow-right\"><\/i>\t\t\t<\/span>\n\t\t\t\t\t\t\t\t\t<span class=\"elementor-button-text\">Segell discogr\u00e0fic<\/span>\n\t\t\t\t\t<\/span>\n\t\t\t\t\t<\/a>\n\t\t\t\t<\/div>\n\t\t\t\t\t\t\t\t<\/div>\n\t\t\t\t<\/div>\n\t\t\t\t\t<\/div>\n\t\t<\/div>\n\t\t\t\t<div class=\"elementor-column elementor-col-50 elementor-top-column elementor-element elementor-element-1a62e912\" data-id=\"1a62e912\" data-element_type=\"column\" data-e-type=\"column\">\n\t\t\t<div class=\"elementor-widget-wrap elementor-element-populated\">\n\t\t\t\t\t\t<div class=\"elementor-element elementor-element-1e78741d elementor-widget elementor-widget-text-editor\" data-id=\"1e78741d\" data-element_type=\"widget\" data-e-type=\"widget\" data-widget_type=\"text-editor.default\">\n\t\t\t\t<div class=\"elementor-widget-container\">\n\t\t\t\t\t\t\t\t\t<p><strong>Director: Cristobal Soler<\/strong><\/p>\n<p><strong>Cont\u00e9:<\/strong><\/p>\n<p>01. TE DEUM OP. 103 de Anton\u00edn Dvorak.<\/p>\n<p>DOUBLE BASS CONCERTO N\u00ba2 IN B MENOR de Giovanni Bottesini:<\/p>\n<p>02. Allegro.<\/p>\n<p>03. Andante.<\/p>\n<p>04. Allegro.<\/p>\n<p>EL CASCANUECES (Ballet) OP. 71 de Pyotr Tchaikovsky:<\/p>\n<p>05. Marcha.<\/p>\n<p>06. Vals de las flores.<\/p>\n<p>07. Pas de deux.<\/p>\n<p>08. PRINCIPE IGOR: DANZAS POLOVTSIANAS de Aleksandr Borodin.<\/p>\n<p>SCHEHERAZADE OP. 35 de Nikolay Rimsky-Korsakov:<\/p>\n<p>09. El mar y el barco de Simbad.<\/p>\n<p>10. La historia del pr\u00edncipe Kalendar.<\/p>\n<p>11. El joven pr\u00edncipe y la joven princesa.<\/p>\n<p>12. Festival en Bagdad. El mar. El barco se estrella contra un acantilado coronado por un guerrero de bronce.<\/p>\n<p>13. EL LAGO DE LOS CISNES OP. 20a: SCENE de Pyotr Tchaikovsky.<\/p>\n<p><span style=\"font-weight: bolder;\">Escolta aquest CD en Spotify! <\/span><\/p>\n<p><iframe title=\"Spotify Embed: Jove Orquestra Simf\u00f2nica de la FSMCV 2018-2019 (En Directo)\" style=\"border-radius: 12px\" width=\"100%\" height=\"352\" frameborder=\"0\" allowfullscreen allow=\"autoplay; clipboard-write; encrypted-media; fullscreen; picture-in-picture\" loading=\"lazy\" src=\"https:\/\/open.spotify.com\/embed\/album\/6dt5cPG13PCzUnC3cgtUgl?si=HOWZt7G0Sl2NW_llKN1QOg&dl_branch=1&utm_source=oembed\"><\/iframe><\/p>\n\t\t\t\t\t\t\t\t<\/div>\n\t\t\t\t<\/div>\n\t\t\t\t\t<\/div>\n\t\t<\/div>\n\t\t\t\t\t<\/div>\n\t\t<\/section>\n\t\t\t\t<\/div>\n\t\t","protected":false},"excerpt":{"rendered":"<p>Segell discogr\u00e0fic Director: Cristobal Soler Cont\u00e9: 01. TE DEUM OP. 103 de Anton\u00edn Dvorak. DOUBLE BASS CONCERTO N\u00ba2 IN B MENOR de Giovanni Bottesini: 02. Allegro. 03. Andante. 04. Allegro. EL CASCANUECES (Ballet) OP. 71 de Pyotr Tchaikovsky: 05. Marcha. 06. Vals de las flores. 07. Pas de deux. 08. PRINCIPE IGOR: DANZAS POLOVTSIANAS de [&hellip;]<\/p>\n","protected":false},"author":7,"featured_media":41172,"parent":20683,"menu_order":13,"comment_status":"closed","ping_status":"closed","template":"elementor_header_footer","meta":{"footnotes":""},"class_list":["post-45962","page","type-page","status-publish","has-post-thumbnail","hentry"],"_links":{"self":[{"href":"https:\/\/fsmcv.org\/vl\/wp-json\/wp\/v2\/pages\/45962","targetHints":{"allow":["GET"]}}],"collection":[{"href":"https:\/\/fsmcv.org\/vl\/wp-json\/wp\/v2\/pages"}],"about":[{"href":"https:\/\/fsmcv.org\/vl\/wp-json\/wp\/v2\/types\/page"}],"author":[{"embeddable":true,"href":"https:\/\/fsmcv.org\/vl\/wp-json\/wp\/v2\/users\/7"}],"replies":[{"embeddable":true,"href":"https:\/\/fsmcv.org\/vl\/wp-json\/wp\/v2\/comments?post=45962"}],"version-history":[{"count":0,"href":"https:\/\/fsmcv.org\/vl\/wp-json\/wp\/v2\/pages\/45962\/revisions"}],"up":[{"embeddable":true,"href":"https:\/\/fsmcv.org\/vl\/wp-json\/wp\/v2\/pages\/20683"}],"wp:featuredmedia":[{"embeddable":true,"href":"https:\/\/fsmcv.org\/vl\/wp-json\/wp\/v2\/media\/41172"}],"wp:attachment":[{"href":"https:\/\/fsmcv.org\/vl\/wp-json\/wp\/v2\/media?parent=45962"}],"curies":[{"name":"wp","href":"https:\/\/api.w.org\/{rel}","templated":true}]}}