{"id":58619,"date":"2022-08-10T12:50:07","date_gmt":"2022-08-10T10:50:07","guid":{"rendered":"https:\/\/fsmcv.org\/segell-discografic\/cd-5-musica-a-la-llum-obres-oblidades-per-a-banda\/"},"modified":"2024-08-07T13:47:45","modified_gmt":"2024-08-07T11:47:45","slug":"cd-5-musica-a-la-llum-obres-oblidades-per-a-banda","status":"publish","type":"page","link":"https:\/\/fsmcv.org\/vl\/segell-discografic\/col%c2%b7leccio-musica-a-la-llum\/cd-5-musica-a-la-llum-obres-oblidades-per-a-banda\/","title":{"rendered":"CD 5 M\u00fasica a la llum: \u00abObres oblidades per a banda\u00bb"},"content":{"rendered":"\t\t<div data-elementor-type=\"wp-page\" data-elementor-id=\"58619\" class=\"elementor elementor-58619 elementor-58554\" data-elementor-post-type=\"page\">\n\t\t\t\t\t\t<section class=\"elementor-section elementor-top-section elementor-element elementor-element-1a173cc6 elementor-section-boxed elementor-section-height-default elementor-section-height-default\" data-id=\"1a173cc6\" data-element_type=\"section\" data-e-type=\"section\">\n\t\t\t\t\t\t\t<div class=\"elementor-background-overlay\"><\/div>\n\t\t\t\t\t\t\t<div class=\"elementor-container elementor-column-gap-default\">\n\t\t\t\t\t<div class=\"elementor-column elementor-col-100 elementor-top-column elementor-element elementor-element-75f21897\" data-id=\"75f21897\" data-element_type=\"column\" data-e-type=\"column\">\n\t\t\t<div class=\"elementor-widget-wrap elementor-element-populated\">\n\t\t\t\t\t\t<div class=\"elementor-element elementor-element-18cdfb9d elementor-widget elementor-widget-heading\" data-id=\"18cdfb9d\" data-element_type=\"widget\" data-e-type=\"widget\" data-widget_type=\"heading.default\">\n\t\t\t\t<div class=\"elementor-widget-container\">\n\t\t\t\t\t<h1 class=\"elementor-heading-title elementor-size-default\">CD 5 M\u00fasica a la llum: \u00abObres oblidades per a banda\u00bb<\/h1>\t\t\t\t<\/div>\n\t\t\t\t<\/div>\n\t\t\t\t\t<\/div>\n\t\t<\/div>\n\t\t\t\t\t<\/div>\n\t\t<\/section>\n\t\t\t\t<section class=\"elementor-section elementor-top-section elementor-element elementor-element-1df189f5 elementor-section-boxed elementor-section-height-default elementor-section-height-default\" data-id=\"1df189f5\" data-element_type=\"section\" data-e-type=\"section\">\n\t\t\t\t\t\t<div class=\"elementor-container elementor-column-gap-wide\">\n\t\t\t\t\t<div class=\"elementor-column elementor-col-50 elementor-top-column elementor-element elementor-element-2b75e11\" data-id=\"2b75e11\" data-element_type=\"column\" data-e-type=\"column\">\n\t\t\t<div class=\"elementor-widget-wrap elementor-element-populated\">\n\t\t\t\t\t\t<div class=\"elementor-element elementor-element-50691be0 elementor-view-default elementor-position-block-start elementor-mobile-position-block-start elementor-widget elementor-widget-icon-box\" data-id=\"50691be0\" data-element_type=\"widget\" data-e-type=\"widget\" data-widget_type=\"icon-box.default\">\n\t\t\t\t<div class=\"elementor-widget-container\">\n\t\t\t\t\t\t\t<div class=\"elementor-icon-box-wrapper\">\n\n\t\t\t\t\t\t<div class=\"elementor-icon-box-icon\">\n\t\t\t\t<span  class=\"elementor-icon\">\n\t\t\t\t<i aria-hidden=\"true\" class=\"fas fa-compact-disc\"><\/i>\t\t\t\t<\/span>\n\t\t\t<\/div>\n\t\t\t\n\t\t\t\t\t\t<div class=\"elementor-icon-box-content\">\n\n\t\t\t\t\t\t\t\t\t<h2 class=\"elementor-icon-box-title\">\n\t\t\t\t\t\t<span  >\n\t\t\t\t\t\t\tCD 5 M\u00fasica a la llum: \u00abObres oblidades per a banda\u00bb\t\t\t\t\t\t<\/span>\n\t\t\t\t\t<\/h2>\n\t\t\t\t\n\t\t\t\t\t\t\t\t\t<p class=\"elementor-icon-box-description\">\n\t\t\t\t\t\t\n\n\t\t\t\t\t<\/p>\n\t\t\t\t\n\t\t\t<\/div>\n\t\t\t\n\t\t<\/div>\n\t\t\t\t\t\t<\/div>\n\t\t\t\t<\/div>\n\t\t\t\t<div class=\"elementor-element elementor-element-1a761d9f elementor-widget elementor-widget-image\" data-id=\"1a761d9f\" data-element_type=\"widget\" data-e-type=\"widget\" data-widget_type=\"image.default\">\n\t\t\t\t<div class=\"elementor-widget-container\">\n\t\t\t\t\t\t\t\t\t\t\t\t\t\t\t<img fetchpriority=\"high\" decoding=\"async\" width=\"2048\" height=\"1828\" src=\"https:\/\/fsmcv.org\/wp-content\/uploads\/2024\/08\/005-cd-musica-a-la-llum-scaled.jpg\" class=\"attachment-full size-full wp-image-73676\" alt=\"\" srcset=\"https:\/\/fsmcv.org\/wp-content\/uploads\/2024\/08\/005-cd-musica-a-la-llum-scaled.jpg 2048w, https:\/\/fsmcv.org\/wp-content\/uploads\/2024\/08\/005-cd-musica-a-la-llum-768x685.jpg 768w, https:\/\/fsmcv.org\/wp-content\/uploads\/2024\/08\/005-cd-musica-a-la-llum-1536x1371.jpg 1536w, https:\/\/fsmcv.org\/wp-content\/uploads\/2024\/08\/005-cd-musica-a-la-llum-600x535.jpg 600w\" sizes=\"(max-width: 2048px) 100vw, 2048px\" title=\"\">\t\t\t\t\t\t\t\t\t\t\t\t\t\t\t<\/div>\n\t\t\t\t<\/div>\n\t\t\t\t<div class=\"elementor-element elementor-element-ad93fbe elementor-align-center elementor-widget elementor-widget-button\" data-id=\"ad93fbe\" data-element_type=\"widget\" data-e-type=\"widget\" data-widget_type=\"button.default\">\n\t\t\t\t<div class=\"elementor-widget-container\">\n\t\t\t\t\t\t\t\t\t<div class=\"elementor-button-wrapper\">\n\t\t\t\t\t<a class=\"elementor-button elementor-button-link elementor-size-md\" href=\"https:\/\/www.llig.gva.es\/es\/479511-102526.html?search_query=salvador+giner&#038;results=54\" target=\"_blank\" rel=\"noopener\">\n\t\t\t\t\t\t<span class=\"elementor-button-content-wrapper\">\n\t\t\t\t\t\t<span class=\"elementor-button-icon\">\n\t\t\t\t<i aria-hidden=\"true\" class=\"fas fa-arrow-right\"><\/i>\t\t\t<\/span>\n\t\t\t\t\t\t\t\t\t<span class=\"elementor-button-text\">Comprar \"Obres Oblidades per a Banda\"<\/span>\n\t\t\t\t\t<\/span>\n\t\t\t\t\t<\/a>\n\t\t\t\t<\/div>\n\t\t\t\t\t\t\t\t<\/div>\n\t\t\t\t<\/div>\n\t\t\t\t\t<\/div>\n\t\t<\/div>\n\t\t\t\t<div class=\"elementor-column elementor-col-50 elementor-top-column elementor-element elementor-element-353057c2\" data-id=\"353057c2\" data-element_type=\"column\" data-e-type=\"column\">\n\t\t\t<div class=\"elementor-widget-wrap elementor-element-populated\">\n\t\t\t\t\t\t<div class=\"elementor-element elementor-element-13ae5f29 elementor-widget elementor-widget-text-editor\" data-id=\"13ae5f29\" data-element_type=\"widget\" data-e-type=\"widget\" data-widget_type=\"text-editor.default\">\n\t\t\t\t<div class=\"elementor-widget-container\">\n\t\t\t\t\t\t\t\t\t<p><strong>Director:<\/strong> Rafa Garc\u00eda Vidal.<\/p>\n<p><strong>Obres<\/strong><\/p>\n<p>\u2013 La Vega<\/p>\n<p>\u2013 Tantum Ergo. Marxa de process\u00f3<\/p>\n<p>\u2013 Entre el J\u00faquer y el T\u00faria. Capritx rural per a banda (1905)<\/p>\n<p>\u2013 La Perla de Austria. Marxa regular<\/p>\n<p>\u2013 Rapsodia Espa\u00f1ola (1904)<\/p>\n<p>\u2013 San Vicente Ferrer. Marxa de process\u00f3<\/p>\n<p>\u2013 Una Fiesta en el Alc\u00e1zar. Fantas\u00eda (1887)<\/p>\n<p>\u2013 Mariana. Melodia per a banda (1905)<\/p>\n<p>\u2013 El Sina\u00ed. Poema simf\u00f2nic per a banda (ca. 1907)<\/p>\n<p><strong>Compositor<\/strong><\/p>\n<p>Salvador Giner<\/p>\n<p><strong>Autor corporatiu<\/strong><br \/>Jove Banda Simf\u00f2nica de la Federaci\u00f3 de Societats Musicals de la Comunitat Valenciana.<\/p>\n<p><strong>Int\u00e8rprets<\/strong><br \/>Jove Banda Simf\u00f2nica de la Federaci\u00f3 de Societats Musicals de la Comunitat Valenciana. Director: Rafa Garc\u00eda Vidal.<\/p>\n<p><strong>Dip\u00f2sit legal<\/strong><br \/>V-1214\/2022<\/p>\n<p><strong>Descripci\u00f3 f\u00edsica<\/strong><br \/>1 CD + 1 fullet (12 p.)<\/p>\n<p><strong>Publicaci\u00f3<\/strong><br \/>Val\u00e8ncia: Institut Valenci\u00e0 de Cultura-Generalitat Valenciana<\/p>\n<p><strong>Nota de contingut<\/strong><\/p>\n<p>El programa M\u00fasica a la llum, patrocinat per CaixaBank i organitzat per l&#8217;Institut Valenci\u00e0 de Cultura-Generalitat Valenciana i la Federaci\u00f3 de Societats Musicals de la Comunitat Valenciana, sorgeix per a col\u00b7laborar amb les Societats Musicals en la conservaci\u00f3, posada en valor i difusi\u00f3 de l&#8217;espl\u00e8ndid patrimoni cultural custodiat en els seus arxius. Aquest \u00e9s el cinqu\u00e9 CD de la col\u00b7lecci\u00f3.<\/p>\n<p><strong>\u00a1Escolta aquest CD en Spotify!<\/strong><\/p>\n<p><iframe title=\"Spotify Embed: Salvador Giner. Obres oblidades per a banda\" style=\"border-radius: 12px\" width=\"100%\" height=\"380\" frameborder=\"0\" allowfullscreen allow=\"autoplay; clipboard-write; encrypted-media; fullscreen; picture-in-picture\" src=\"https:\/\/open.spotify.com\/embed\/album\/3miFuwlPhWtgAgQbMfLSr6?si=55BkNcJASqWMpOvmKrRVmg&utm_source=oembed\"><\/iframe><\/p>\n\t\t\t\t\t\t\t\t<\/div>\n\t\t\t\t<\/div>\n\t\t\t\t\t<\/div>\n\t\t<\/div>\n\t\t\t\t\t<\/div>\n\t\t<\/section>\n\t\t\t\t<\/div>\n\t\t","protected":false},"excerpt":{"rendered":"<p>Comprar &#8220;Obres Oblidades per a Banda&#8221; Director: Rafa Garc\u00eda Vidal. Obres \u2013 La Vega \u2013 Tantum Ergo. Marxa de process\u00f3 \u2013 Entre el J\u00faquer y el T\u00faria. Capritx rural per a banda (1905) \u2013 La Perla de Austria. Marxa regular \u2013 Rapsodia Espa\u00f1ola (1904) \u2013 San Vicente Ferrer. Marxa de process\u00f3 \u2013 Una Fiesta en [&hellip;]<\/p>\n","protected":false},"author":17,"featured_media":73676,"parent":44341,"menu_order":5,"comment_status":"closed","ping_status":"closed","template":"elementor_header_footer","meta":{"footnotes":""},"class_list":["post-58619","page","type-page","status-publish","has-post-thumbnail","hentry"],"_links":{"self":[{"href":"https:\/\/fsmcv.org\/vl\/wp-json\/wp\/v2\/pages\/58619","targetHints":{"allow":["GET"]}}],"collection":[{"href":"https:\/\/fsmcv.org\/vl\/wp-json\/wp\/v2\/pages"}],"about":[{"href":"https:\/\/fsmcv.org\/vl\/wp-json\/wp\/v2\/types\/page"}],"author":[{"embeddable":true,"href":"https:\/\/fsmcv.org\/vl\/wp-json\/wp\/v2\/users\/17"}],"replies":[{"embeddable":true,"href":"https:\/\/fsmcv.org\/vl\/wp-json\/wp\/v2\/comments?post=58619"}],"version-history":[{"count":0,"href":"https:\/\/fsmcv.org\/vl\/wp-json\/wp\/v2\/pages\/58619\/revisions"}],"up":[{"embeddable":true,"href":"https:\/\/fsmcv.org\/vl\/wp-json\/wp\/v2\/pages\/44341"}],"wp:featuredmedia":[{"embeddable":true,"href":"https:\/\/fsmcv.org\/vl\/wp-json\/wp\/v2\/media\/73676"}],"wp:attachment":[{"href":"https:\/\/fsmcv.org\/vl\/wp-json\/wp\/v2\/media?parent=58619"}],"curies":[{"name":"wp","href":"https:\/\/api.w.org\/{rel}","templated":true}]}}