{"id":60686,"date":"2022-12-07T13:39:33","date_gmt":"2022-12-07T12:39:33","guid":{"rendered":"https:\/\/fsmcv.org\/musica-per-al-poble-de-sant-joan-vol-3\/"},"modified":"2023-02-21T13:29:17","modified_gmt":"2023-02-21T12:29:17","slug":"cd-musica-per-al-poble-de-sant-joan-vol-3","status":"publish","type":"page","link":"https:\/\/fsmcv.org\/vl\/segell-discografic\/cd-musica-per-al-poble-de-sant-joan-vol-3\/","title":{"rendered":"M\u00fasica per al poble de Sant Joan Vol. 3"},"content":{"rendered":"\t\t<div data-elementor-type=\"wp-page\" data-elementor-id=\"60686\" class=\"elementor elementor-60686 elementor-60676\" data-elementor-post-type=\"page\">\n\t\t\t\t\t\t<section class=\"elementor-section elementor-top-section elementor-element elementor-element-4e5d6d9a elementor-section-boxed elementor-section-height-default elementor-section-height-default\" data-id=\"4e5d6d9a\" data-element_type=\"section\" data-e-type=\"section\">\n\t\t\t\t\t\t\t<div class=\"elementor-background-overlay\"><\/div>\n\t\t\t\t\t\t\t<div class=\"elementor-container elementor-column-gap-default\">\n\t\t\t\t\t<div class=\"elementor-column elementor-col-100 elementor-top-column elementor-element elementor-element-590985a1\" data-id=\"590985a1\" data-element_type=\"column\" data-e-type=\"column\">\n\t\t\t<div class=\"elementor-widget-wrap elementor-element-populated\">\n\t\t\t\t\t\t<div class=\"elementor-element elementor-element-23a077f9 elementor-widget elementor-widget-heading\" data-id=\"23a077f9\" data-element_type=\"widget\" data-e-type=\"widget\" data-widget_type=\"heading.default\">\n\t\t\t\t<div class=\"elementor-widget-container\">\n\t\t\t\t\t<h1 class=\"elementor-heading-title elementor-size-default\">M\u00fasica per al poble de Sant Joan Vol. 3<\/h1>\t\t\t\t<\/div>\n\t\t\t\t<\/div>\n\t\t\t\t\t<\/div>\n\t\t<\/div>\n\t\t\t\t\t<\/div>\n\t\t<\/section>\n\t\t\t\t<section class=\"elementor-section elementor-top-section elementor-element elementor-element-58f6e6cf elementor-section-boxed elementor-section-height-default elementor-section-height-default\" data-id=\"58f6e6cf\" data-element_type=\"section\" data-e-type=\"section\">\n\t\t\t\t\t\t<div class=\"elementor-container elementor-column-gap-wide\">\n\t\t\t\t\t<div class=\"elementor-column elementor-col-50 elementor-top-column elementor-element elementor-element-246e7689\" data-id=\"246e7689\" data-element_type=\"column\" data-e-type=\"column\">\n\t\t\t<div class=\"elementor-widget-wrap elementor-element-populated\">\n\t\t\t\t\t\t<div class=\"elementor-element elementor-element-392f2027 elementor-view-default elementor-position-block-start elementor-mobile-position-block-start elementor-widget elementor-widget-icon-box\" data-id=\"392f2027\" data-element_type=\"widget\" data-e-type=\"widget\" data-widget_type=\"icon-box.default\">\n\t\t\t\t<div class=\"elementor-widget-container\">\n\t\t\t\t\t\t\t<div class=\"elementor-icon-box-wrapper\">\n\n\t\t\t\t\t\t<div class=\"elementor-icon-box-icon\">\n\t\t\t\t<span  class=\"elementor-icon\">\n\t\t\t\t<i aria-hidden=\"true\" class=\"fas fa-compact-disc\"><\/i>\t\t\t\t<\/span>\n\t\t\t<\/div>\n\t\t\t\n\t\t\t\t\t\t<div class=\"elementor-icon-box-content\">\n\n\t\t\t\t\t\t\t\t\t<h2 class=\"elementor-icon-box-title\">\n\t\t\t\t\t\t<span  >\n\t\t\t\t\t\t\tM\u00fasica per al poble de Sant Joan Vol. 3\t\t\t\t\t\t<\/span>\n\t\t\t\t\t<\/h2>\n\t\t\t\t\n\t\t\t\t\t\t\t\t\t<p class=\"elementor-icon-box-description\">\n\t\t\t\t\t\t\n\n\t\t\t\t\t<\/p>\n\t\t\t\t\n\t\t\t<\/div>\n\t\t\t\n\t\t<\/div>\n\t\t\t\t\t\t<\/div>\n\t\t\t\t<\/div>\n\t\t\t\t<div class=\"elementor-element elementor-element-a29252f elementor-widget elementor-widget-image\" data-id=\"a29252f\" data-element_type=\"widget\" data-e-type=\"widget\" data-widget_type=\"image.default\">\n\t\t\t\t<div class=\"elementor-widget-container\">\n\t\t\t\t\t\t\t\t\t\t\t\t\t\t\t<img fetchpriority=\"high\" decoding=\"async\" width=\"887\" height=\"878\" src=\"https:\/\/fsmcv.org\/wp-content\/uploads\/2022\/12\/Caratula-1.png\" class=\"attachment-full size-full wp-image-60668\" alt=\"\" srcset=\"https:\/\/fsmcv.org\/wp-content\/uploads\/2022\/12\/Caratula-1.png 887w, https:\/\/fsmcv.org\/wp-content\/uploads\/2022\/12\/Caratula-1-768x760.png 768w, https:\/\/fsmcv.org\/wp-content\/uploads\/2022\/12\/Caratula-1-600x594.png 600w, https:\/\/fsmcv.org\/wp-content\/uploads\/2022\/12\/Caratula-1-100x100.png 100w\" sizes=\"(max-width: 887px) 100vw, 887px\" title=\"\">\t\t\t\t\t\t\t\t\t\t\t\t\t\t\t<\/div>\n\t\t\t\t<\/div>\n\t\t\t\t<div class=\"elementor-element elementor-element-59c611fb elementor-align-center elementor-widget elementor-widget-button\" data-id=\"59c611fb\" data-element_type=\"widget\" data-e-type=\"widget\" data-widget_type=\"button.default\">\n\t\t\t\t<div class=\"elementor-widget-container\">\n\t\t\t\t\t\t\t\t\t<div class=\"elementor-button-wrapper\">\n\t\t\t\t\t<a class=\"elementor-button elementor-button-link elementor-size-md\" href=\"https:\/\/fsmcv.org\/vl\/segell-discografic\/\">\n\t\t\t\t\t\t<span class=\"elementor-button-content-wrapper\">\n\t\t\t\t\t\t<span class=\"elementor-button-icon\">\n\t\t\t\t<i aria-hidden=\"true\" class=\"fas fa-arrow-right\"><\/i>\t\t\t<\/span>\n\t\t\t\t\t\t\t\t\t<span class=\"elementor-button-text\">Segell discogr\u00e0fic<\/span>\n\t\t\t\t\t<\/span>\n\t\t\t\t\t<\/a>\n\t\t\t\t<\/div>\n\t\t\t\t\t\t\t\t<\/div>\n\t\t\t\t<\/div>\n\t\t\t\t\t<\/div>\n\t\t<\/div>\n\t\t\t\t<div class=\"elementor-column elementor-col-50 elementor-top-column elementor-element elementor-element-4783dea0\" data-id=\"4783dea0\" data-element_type=\"column\" data-e-type=\"column\">\n\t\t\t<div class=\"elementor-widget-wrap elementor-element-populated\">\n\t\t\t\t\t\t<div class=\"elementor-element elementor-element-1585d69f elementor-widget elementor-widget-text-editor\" data-id=\"1585d69f\" data-element_type=\"widget\" data-e-type=\"widget\" data-widget_type=\"text-editor.default\">\n\t\t\t\t<div class=\"elementor-widget-container\">\n\t\t\t\t\t\t\t\t\t<p><strong>Sociedad Musical La Paz De Sant Joan D\u00b4Alacant<\/strong><\/p>\n<p><strong>Cont\u00e9:<\/strong><\/p>\n<p>Siete Cantos a la Virgen Sant\u00edsima de los Dolores<\/p>\n<p><span style=\"text-decoration: underline;\">CD 1:<\/span><\/p>\n<p>Diumenge 21 de Mar\u00e7<\/p>\n<p>Orquestra Simf\u00f2nica Vila de Sant Joan y Orfe\u00f3 Sant Joan<\/p>\n<p>1. Primer Dolor<\/p>\n<p>2. Segundo Dolor<\/p>\n<p>3. Tercer Dolor<\/p>\n<p>4. Cuarto Dolor<\/p>\n<p>5. Quinto Dolor<\/p>\n<p>6. Sexto Dolor<\/p>\n<p>7. S\u00e9ptimo Dolor Parroquia<\/p>\n<p>M\u00fasica de cambra, quartet de trombons<\/p>\n<p>8. Primer Dolor<\/p>\n<p>9. Segundo Dolor<\/p>\n<p>10. Tercer Dolor<\/p>\n<p>11. Cuarto Dolor<\/p>\n<p>12. Quinto Dolor<\/p>\n<p>13. Sexto Dolor<\/p>\n<p>14. S\u00e9ptimo Dolor<\/p>\n<p>Dilluns 22 de Mar\u00e7<\/p>\n<p>M\u00fasica de cambra, quintet de corda<\/p>\n<p>15. Primer Dolor<\/p>\n<p>16. Segundo Dolor<\/p>\n<p>17. Tercer Dolor<\/p>\n<p>18. Cuarto Dolor<\/p>\n<p>19. Quinto Dolor<\/p>\n<p>20. Sexto Dolor<\/p>\n<p>21. S\u00e9ptimo Dolor <\/p>\n<p>Dimarts 23 de Mar\u00e7<\/p>\n<p>M\u00fasica de cambra, quartet de saxofons<\/p>\n<p>22. Primer Dolor<\/p>\n<p>23. Segundo Dolor<\/p>\n<p>24. Tercer Dolor<\/p>\n<p>25. Cuarto Dolor<\/p>\n<p>26. Quinto Dolor<\/p>\n<p>27. Sexto Dolor<\/p>\n<p>28. S\u00e9ptimo Dolor <\/p>\n<p><span style=\"text-decoration: underline;\">CD 2:<\/span><\/p>\n<p>Dimecres 24 de Mar\u00e7<\/p>\n<p>M\u00fasica de cambra, quartet de flautes<\/p>\n<p>1. Primer Dolor<\/p>\n<p>2. Segundo Dolor<\/p>\n<p>3. Tercer Dolor<\/p>\n<p>4. Cuarto Dolor<\/p>\n<p>5. Quinto Dolor<\/p>\n<p>6. Sexto Dolor<\/p>\n<p>7. S\u00e9ptimo Dolor <\/p>\n<p>Dijous 25 de Mar\u00e7<\/p>\n<p>M\u00fasica de cambra, duo veu i piano<\/p>\n<p>8. Primer Dolor<\/p>\n<p>9. Segundo Dolor<\/p>\n<p>10. Tercer Dolor<\/p>\n<p>11. Cuarto Dolor<\/p>\n<p>12. Quinto Dolor<\/p>\n<p>13. Sexto Dolor<\/p>\n<p>14. S\u00e9ptimo Dolor <\/p>\n<p>Divendres 26 de Mar\u00e7<\/p>\n<p>M\u00fasica de cambra, ensemble de percussi\u00f3<\/p>\n<p>15. Primer Dolor<\/p>\n<p>16. Segundo Dolor<\/p>\n<p>17. Tercer Dolor<\/p>\n<p>18. Cuarto Dolor<\/p>\n<p>19. Quinto Dolor<\/p>\n<p>20. Sexto Dolor<\/p>\n<p>21. S\u00e9ptimo Dolor <\/p>\n<p>Diumenge 28 de Mar\u00e7<\/p>\n<p>Banda Vila de Sant Joan y Orfe\u00f3 San Juan<\/p>\n<p>Introduccions als Dolores 22, 24, 26, 28, 30, 32 i 34 per Adela Ferr\u00e1ndiz Marco<\/p>\n<p>23. Primer Dolor<\/p>\n<p>25. Segundo Dolor<\/p>\n<p>27. Tercer Dolor<\/p>\n<p>29. Cuarto Dolor<\/p>\n<p>31. Quinto Dolor<\/p>\n<p>33. Sexto Dolor<\/p>\n<p>35. S\u00e9ptimo Dolor <\/p>\n<p><strong>Directors:<\/strong><\/p>\n<p>Joan A. Espinosa Zaragoza \u2013 Director titular y art\u00edstic de la societat musical La Paz.<\/p>\n<p><strong>\u00a1Escolta aquest CD en Spotify!<\/strong><\/p>\n<p><iframe title=\"Spotify Embed: M\u00fasica per al poble de Sant Joan, Vol. 3 (En Directo)\" style=\"border-radius: 12px\" width=\"100%\" height=\"352\" frameborder=\"0\" allowfullscreen allow=\"autoplay; clipboard-write; encrypted-media; fullscreen; picture-in-picture\" loading=\"lazy\" src=\"https:\/\/open.spotify.com\/embed\/album\/6zCm1yX7t7AUObd0Uwydqy?si=zSV5H2F1Qm6W4gJK0lo_bg&utm_source=oembed\"><\/iframe><\/p>\n\t\t\t\t\t\t\t\t<\/div>\n\t\t\t\t<\/div>\n\t\t\t\t\t<\/div>\n\t\t<\/div>\n\t\t\t\t\t<\/div>\n\t\t<\/section>\n\t\t\t\t<\/div>\n\t\t","protected":false},"excerpt":{"rendered":"<p>M\u00fasica per al poble de Sant Joan Vol. 3 M\u00fasica per al poble de Sant Joan Vol. 3 Segell discogr\u00e0fic Sociedad Musical La Paz De Sant Joan D\u00b4Alacant Cont\u00e9: Siete Cantos a la Virgen Sant\u00edsima de los Dolores CD 1: Diumenge 21 de Mar\u00e7 Orquestra Simf\u00f2nica Vila de Sant Joan y Orfe\u00f3 Sant Joan 1. [&hellip;]<\/p>\n","protected":false},"author":17,"featured_media":60668,"parent":20683,"menu_order":0,"comment_status":"closed","ping_status":"closed","template":"elementor_header_footer","meta":{"footnotes":""},"class_list":["post-60686","page","type-page","status-publish","has-post-thumbnail","hentry"],"_links":{"self":[{"href":"https:\/\/fsmcv.org\/vl\/wp-json\/wp\/v2\/pages\/60686","targetHints":{"allow":["GET"]}}],"collection":[{"href":"https:\/\/fsmcv.org\/vl\/wp-json\/wp\/v2\/pages"}],"about":[{"href":"https:\/\/fsmcv.org\/vl\/wp-json\/wp\/v2\/types\/page"}],"author":[{"embeddable":true,"href":"https:\/\/fsmcv.org\/vl\/wp-json\/wp\/v2\/users\/17"}],"replies":[{"embeddable":true,"href":"https:\/\/fsmcv.org\/vl\/wp-json\/wp\/v2\/comments?post=60686"}],"version-history":[{"count":0,"href":"https:\/\/fsmcv.org\/vl\/wp-json\/wp\/v2\/pages\/60686\/revisions"}],"up":[{"embeddable":true,"href":"https:\/\/fsmcv.org\/vl\/wp-json\/wp\/v2\/pages\/20683"}],"wp:featuredmedia":[{"embeddable":true,"href":"https:\/\/fsmcv.org\/vl\/wp-json\/wp\/v2\/media\/60668"}],"wp:attachment":[{"href":"https:\/\/fsmcv.org\/vl\/wp-json\/wp\/v2\/media?parent=60686"}],"curies":[{"name":"wp","href":"https:\/\/api.w.org\/{rel}","templated":true}]}}