{"id":65848,"date":"2023-06-05T18:06:44","date_gmt":"2023-06-05T16:06:44","guid":{"rendered":"https:\/\/fsmcv.org\/segell-discografic\/a-que-sona-la-nostra-terra-vol-2\/"},"modified":"2023-07-18T17:18:40","modified_gmt":"2023-07-18T15:18:40","slug":"cd-a-que-sona-la-nostra-terra-vol-2","status":"publish","type":"page","link":"https:\/\/fsmcv.org\/vl\/segell-discografic\/cd-a-que-sona-la-nostra-terra-vol-2\/","title":{"rendered":"A qu\u00e8 sona la nostra terra? Vol. 2"},"content":{"rendered":"\t\t<div data-elementor-type=\"wp-page\" data-elementor-id=\"65848\" class=\"elementor elementor-65848 elementor-65807\" data-elementor-post-type=\"page\">\n\t\t\t\t\t\t<section class=\"elementor-section elementor-top-section elementor-element elementor-element-70eeb483 elementor-section-boxed elementor-section-height-default elementor-section-height-default\" data-id=\"70eeb483\" data-element_type=\"section\" data-e-type=\"section\">\n\t\t\t\t\t\t\t<div class=\"elementor-background-overlay\"><\/div>\n\t\t\t\t\t\t\t<div class=\"elementor-container elementor-column-gap-default\">\n\t\t\t\t\t<div class=\"elementor-column elementor-col-100 elementor-top-column elementor-element elementor-element-3b5c1716\" data-id=\"3b5c1716\" data-element_type=\"column\" data-e-type=\"column\">\n\t\t\t<div class=\"elementor-widget-wrap elementor-element-populated\">\n\t\t\t\t\t\t<div class=\"elementor-element elementor-element-3e390ca0 elementor-widget elementor-widget-heading\" data-id=\"3e390ca0\" data-element_type=\"widget\" data-e-type=\"widget\" data-widget_type=\"heading.default\">\n\t\t\t\t<div class=\"elementor-widget-container\">\n\t\t\t\t\t<h1 class=\"elementor-heading-title elementor-size-default\"><span style=\"color: var( --e-global-color-text );white-space: normal\">A QU\u00c8 SONA LA NOSTRA TERRA? VOL. 2<\/span><\/h1>\t\t\t\t<\/div>\n\t\t\t\t<\/div>\n\t\t\t\t\t<\/div>\n\t\t<\/div>\n\t\t\t\t\t<\/div>\n\t\t<\/section>\n\t\t\t\t<section class=\"elementor-section elementor-top-section elementor-element elementor-element-3266a7e1 elementor-section-boxed elementor-section-height-default elementor-section-height-default\" data-id=\"3266a7e1\" data-element_type=\"section\" data-e-type=\"section\">\n\t\t\t\t\t\t<div class=\"elementor-container elementor-column-gap-wide\">\n\t\t\t\t\t<div class=\"elementor-column elementor-col-50 elementor-top-column elementor-element elementor-element-645a24a4\" data-id=\"645a24a4\" data-element_type=\"column\" data-e-type=\"column\">\n\t\t\t<div class=\"elementor-widget-wrap elementor-element-populated\">\n\t\t\t\t\t\t<div class=\"elementor-element elementor-element-26b6c9f2 elementor-view-default elementor-position-block-start elementor-mobile-position-block-start elementor-widget elementor-widget-icon-box\" data-id=\"26b6c9f2\" data-element_type=\"widget\" data-e-type=\"widget\" data-widget_type=\"icon-box.default\">\n\t\t\t\t<div class=\"elementor-widget-container\">\n\t\t\t\t\t\t\t<div class=\"elementor-icon-box-wrapper\">\n\n\t\t\t\t\t\t<div class=\"elementor-icon-box-icon\">\n\t\t\t\t<span  class=\"elementor-icon\">\n\t\t\t\t<i aria-hidden=\"true\" class=\"fas fa-compact-disc\"><\/i>\t\t\t\t<\/span>\n\t\t\t<\/div>\n\t\t\t\n\t\t\t\t\t\t<div class=\"elementor-icon-box-content\">\n\n\t\t\t\t\t\t\t\t\t<h2 class=\"elementor-icon-box-title\">\n\t\t\t\t\t\t<span  >\n\t\t\t\t\t\t\tA QU\u00c8 SONA LA NOSTRA TERRA? VOL. 2\t\t\t\t\t\t<\/span>\n\t\t\t\t\t<\/h2>\n\t\t\t\t\n\t\t\t\t\t\t\t\t\t<p class=\"elementor-icon-box-description\">\n\t\t\t\t\t\t\n\n\t\t\t\t\t<\/p>\n\t\t\t\t\n\t\t\t<\/div>\n\t\t\t\n\t\t<\/div>\n\t\t\t\t\t\t<\/div>\n\t\t\t\t<\/div>\n\t\t\t\t<div class=\"elementor-element elementor-element-2eea47ef elementor-widget elementor-widget-image\" data-id=\"2eea47ef\" data-element_type=\"widget\" data-e-type=\"widget\" data-widget_type=\"image.default\">\n\t\t\t\t<div class=\"elementor-widget-container\">\n\t\t\t\t\t\t\t\t\t\t\t\t\t\t\t<img fetchpriority=\"high\" decoding=\"async\" width=\"800\" height=\"800\" src=\"https:\/\/fsmcv.org\/wp-content\/uploads\/2023\/06\/a-que-sona-la-nostra-terra\u00bf-vol-2.jpg\" class=\"attachment-full size-full wp-image-65843\" alt=\"\" srcset=\"https:\/\/fsmcv.org\/wp-content\/uploads\/2023\/06\/a-que-sona-la-nostra-terra\u00bf-vol-2.jpg 800w, https:\/\/fsmcv.org\/wp-content\/uploads\/2023\/06\/a-que-sona-la-nostra-terra\u00bf-vol-2-768x768.jpg 768w, https:\/\/fsmcv.org\/wp-content\/uploads\/2023\/06\/a-que-sona-la-nostra-terra\u00bf-vol-2-300x300.jpg 300w, https:\/\/fsmcv.org\/wp-content\/uploads\/2023\/06\/a-que-sona-la-nostra-terra\u00bf-vol-2-600x600.jpg 600w, https:\/\/fsmcv.org\/wp-content\/uploads\/2023\/06\/a-que-sona-la-nostra-terra\u00bf-vol-2-100x100.jpg 100w\" sizes=\"(max-width: 800px) 100vw, 800px\" title=\"\">\t\t\t\t\t\t\t\t\t\t\t\t\t\t\t<\/div>\n\t\t\t\t<\/div>\n\t\t\t\t<div class=\"elementor-element elementor-element-21a30f70 elementor-align-center elementor-widget elementor-widget-button\" data-id=\"21a30f70\" data-element_type=\"widget\" data-e-type=\"widget\" data-widget_type=\"button.default\">\n\t\t\t\t<div class=\"elementor-widget-container\">\n\t\t\t\t\t\t\t\t\t<div class=\"elementor-button-wrapper\">\n\t\t\t\t\t<a class=\"elementor-button elementor-button-link elementor-size-md\" href=\"https:\/\/fsmcv.org\/vl\/tenda\/discos\/jove-banda-simfonica-de-la-fsmcv\/cd-a-que-sona-la-nostra-terra-vol-2\/\">\n\t\t\t\t\t\t<span class=\"elementor-button-content-wrapper\">\n\t\t\t\t\t\t<span class=\"elementor-button-icon\">\n\t\t\t\t<i aria-hidden=\"true\" class=\"fas fa-arrow-right\"><\/i>\t\t\t<\/span>\n\t\t\t\t\t\t\t\t\t<span class=\"elementor-button-text\">Compra<\/span>\n\t\t\t\t\t<\/span>\n\t\t\t\t\t<\/a>\n\t\t\t\t<\/div>\n\t\t\t\t\t\t\t\t<\/div>\n\t\t\t\t<\/div>\n\t\t\t\t\t<\/div>\n\t\t<\/div>\n\t\t\t\t<div class=\"elementor-column elementor-col-50 elementor-top-column elementor-element elementor-element-51b780fa\" data-id=\"51b780fa\" data-element_type=\"column\" data-e-type=\"column\">\n\t\t\t<div class=\"elementor-widget-wrap elementor-element-populated\">\n\t\t\t\t\t\t<div class=\"elementor-element elementor-element-f8fb902 elementor-widget elementor-widget-text-editor\" data-id=\"f8fb902\" data-element_type=\"widget\" data-e-type=\"widget\" data-widget_type=\"text-editor.default\">\n\t\t\t\t<div class=\"elementor-widget-container\">\n\t\t\t\t\t\t\t\t\t<p><span style=\"font-weight: bolder;\">Jove Banda Simf\u00f2nica de la FSMCV<\/span><\/p>\n<p><span style=\"font-weight: bolder;\">Cont\u00e9:<\/span><\/p>\n<p>1. PEPITA GREUS de Pascual P\u00e9rez Chovi.<\/p>\n<p>2. FIESTA EN BENIDORM de Rafael Dom\u00e9nech Pardo.<\/p>\n<p>3. LA CONCHA FLAMENCA de Perfecto Artola Prats.<\/p>\n<p>4. P\u00c9REZ BARCEL\u00d3 de Bernab\u00e9 Sanch\u00eds Porta.<\/p>\n<p>5. EL T\u00cdO RAM\u00d3N de Tom\u00e1s Olcina Ribes y Salvador Salv\u00e1 Sapena.<\/p>\n<p>6. MORENITO DE VALENCIA de Vicente Portol\u00e9s Tom\u00e1s.<\/p>\n<p><span style=\"font-weight: bolder;\">Directora:<\/span><\/p>\n<p>Lid\u00f3n Valer Cabaleiro<\/p>\n<\/p>\n<p><strong>\u00a1Escolta aquest CD en Spotify!<\/strong><\/p>\n<p><iframe title=\"Spotify Embed: A qu\u00e8 sona la nostra terra?, Vol. 2 (En Directo)\" style=\"border-radius: 12px\" width=\"100%\" height=\"352\" frameborder=\"0\" allowfullscreen allow=\"autoplay; clipboard-write; encrypted-media; fullscreen; picture-in-picture\" loading=\"lazy\" src=\"https:\/\/open.spotify.com\/embed\/album\/4GCztcLDeffHER3tsCoBAL?si=2MuiDqgYR_aIFHTNkdlp0g&utm_source=oembed\"><\/iframe><\/p>\n\t\t\t\t\t\t\t\t<\/div>\n\t\t\t\t<\/div>\n\t\t\t\t\t<\/div>\n\t\t<\/div>\n\t\t\t\t\t<\/div>\n\t\t<\/section>\n\t\t\t\t<\/div>\n\t\t","protected":false},"excerpt":{"rendered":"<p>A QU\u00c8 SONA LA NOSTRA TERRA? VOL. 2 A QU\u00c8 SONA LA NOSTRA TERRA? VOL. 2 Compra Jove Banda Simf\u00f2nica de la FSMCV Cont\u00e9: 1. PEPITA GREUS de Pascual P\u00e9rez Chovi. 2. FIESTA EN BENIDORM de Rafael Dom\u00e9nech Pardo. 3. LA CONCHA FLAMENCA de Perfecto Artola Prats. 4. P\u00c9REZ BARCEL\u00d3 de Bernab\u00e9 Sanch\u00eds Porta. 5. [&hellip;]<\/p>\n","protected":false},"author":17,"featured_media":65843,"parent":20683,"menu_order":0,"comment_status":"closed","ping_status":"closed","template":"elementor_header_footer","meta":{"footnotes":""},"class_list":["post-65848","page","type-page","status-publish","has-post-thumbnail","hentry"],"_links":{"self":[{"href":"https:\/\/fsmcv.org\/vl\/wp-json\/wp\/v2\/pages\/65848","targetHints":{"allow":["GET"]}}],"collection":[{"href":"https:\/\/fsmcv.org\/vl\/wp-json\/wp\/v2\/pages"}],"about":[{"href":"https:\/\/fsmcv.org\/vl\/wp-json\/wp\/v2\/types\/page"}],"author":[{"embeddable":true,"href":"https:\/\/fsmcv.org\/vl\/wp-json\/wp\/v2\/users\/17"}],"replies":[{"embeddable":true,"href":"https:\/\/fsmcv.org\/vl\/wp-json\/wp\/v2\/comments?post=65848"}],"version-history":[{"count":0,"href":"https:\/\/fsmcv.org\/vl\/wp-json\/wp\/v2\/pages\/65848\/revisions"}],"up":[{"embeddable":true,"href":"https:\/\/fsmcv.org\/vl\/wp-json\/wp\/v2\/pages\/20683"}],"wp:featuredmedia":[{"embeddable":true,"href":"https:\/\/fsmcv.org\/vl\/wp-json\/wp\/v2\/media\/65843"}],"wp:attachment":[{"href":"https:\/\/fsmcv.org\/vl\/wp-json\/wp\/v2\/media?parent=65848"}],"curies":[{"name":"wp","href":"https:\/\/api.w.org\/{rel}","templated":true}]}}